{"id":27,"date":"2026-04-20T14:05:01","date_gmt":"2026-04-20T14:05:01","guid":{"rendered":"http:\/\/escuelapresbiteriana.com.portalesdenegocios.com\/?page_id=27"},"modified":"2026-04-29T19:04:16","modified_gmt":"2026-04-29T19:04:16","slug":"equipo-cra","status":"publish","type":"page","link":"https:\/\/escuelapresbiteriana.com\/index.php\/equipo-cra\/","title":{"rendered":"Equipo CRA"},"content":{"rendered":"<p>[et_pb_section fb_built=\u00bb1&#8243; _builder_version=\u00bb4.22.2&#8243; _module_preset=\u00bbdefault\u00bb background_image=\u00bbhttps:\/\/escuelapresbiteriana.com\/wp-content\/uploads\/2026\/04\/bg-interiores.jpg\u00bb global_colors_info=\u00bb{}\u00bb][et_pb_row _builder_version=\u00bb4.22.2&#8243; _module_preset=\u00bbdefault\u00bb global_colors_info=\u00bb{}\u00bb][et_pb_column type=\u00bb4_4&#8243; _builder_version=\u00bb4.22.2&#8243; _module_preset=\u00bbdefault\u00bb global_colors_info=\u00bb{}\u00bb][et_pb_text _builder_version=\u00bb4.22.2&#8243; _module_preset=\u00bbdefault\u00bb text_font=\u00bbCabin||||||||\u00bb text_text_color=\u00bb#000000&#8243; text_line_height=\u00bb1.8em\u00bb header_2_font=\u00bbLato|||on|||||\u00bb header_2_text_color=\u00bb#FFFFFF\u00bb header_2_font_size=\u00bb45px\u00bb header_2_line_height=\u00bb1.1em\u00bb custom_margin=\u00bb83px|||||\u00bb custom_margin_tablet=\u00bb83px|||||\u00bb custom_margin_phone=\u00bb1px||||false|false\u00bb custom_margin_last_edited=\u00bbon|phone\u00bb text_orientation_tablet=\u00bb\u00bb text_orientation_phone=\u00bbjustified\u00bb text_orientation_last_edited=\u00bbon|phone\u00bb global_colors_info=\u00bb{}\u00bb]<\/p>\n<h2 style=\"text-align: center;\"><span>Equipo CRA<\/span><\/h2>\n<p>[\/et_pb_text][et_pb_divider color=\u00bb#ffde1a\u00bb _builder_version=\u00bb4.22.2&#8243; _module_preset=\u00bbdefault\u00bb global_colors_info=\u00bb{}\u00bb][\/et_pb_divider][\/et_pb_column][\/et_pb_row][\/et_pb_section][et_pb_section fb_built=\u00bb1&#8243; _builder_version=\u00bb4.22.2&#8243; _module_preset=\u00bbdefault\u00bb background_image=\u00bbhttps:\/\/escuelapresbiteriana.com\/wp-content\/uploads\/2026\/04\/bg-prueba-scaled-1.jpg\u00bb global_colors_info=\u00bb{}\u00bb][et_pb_row column_structure=\u00bb1_2,1_2&#8243; _builder_version=\u00bb4.22.2&#8243; _module_preset=\u00bbdefault\u00bb background_color=\u00bb#FFFFFF\u00bb custom_padding=\u00bb1.7%|2%|1.7%|2%|true|true\u00bb border_radii=\u00bbon|10px|10px|10px|10px\u00bb global_colors_info=\u00bb{}\u00bb][et_pb_column type=\u00bb1_2&#8243; _builder_version=\u00bb4.22.2&#8243; _module_preset=\u00bbdefault\u00bb global_colors_info=\u00bb{}\u00bb][et_pb_image src=\u00bbhttps:\/\/escuelapresbiteriana.com\/wp-content\/uploads\/2026\/04\/Diseno-sin-titulo-16-2.png\u00bb title_text=\u00bbDiseno-sin-titulo-16-2&#8243; align=\u00bbcenter\u00bb _builder_version=\u00bb4.22.2&#8243; _module_preset=\u00bbdefault\u00bb border_radii=\u00bbon|18px|18px|18px|18px\u00bb global_colors_info=\u00bb{}\u00bb][\/et_pb_image][\/et_pb_column][et_pb_column type=\u00bb1_2&#8243; _builder_version=\u00bb4.22.2&#8243; _module_preset=\u00bbdefault\u00bb global_colors_info=\u00bb{}\u00bb][et_pb_text _builder_version=\u00bb4.22.2&#8243; _module_preset=\u00bbdefault\u00bb text_font=\u00bbCabin||||||||\u00bb text_text_color=\u00bb#000000&#8243; text_line_height=\u00bb1.8em\u00bb custom_margin=\u00bb83px|||||\u00bb custom_margin_tablet=\u00bb83px|||||\u00bb custom_margin_phone=\u00bb1px||||false|false\u00bb custom_margin_last_edited=\u00bbon|phone\u00bb text_orientation_tablet=\u00bb\u00bb text_orientation_phone=\u00bbjustified\u00bb text_orientation_last_edited=\u00bbon|phone\u00bb global_colors_info=\u00bb{}\u00bb]<\/p>\n<p><span>Comprometidas con fomentar el amor por los libros y el conocimiento en los estudiantes, este equipo tiene la labor de promover el acceso a la informaci\u00f3n y el desarrollo de habilidades de lectura y escritura en todas las etapas educativas. Adem\u00e1s de gestionar los recursos bibliogr\u00e1ficos, el equipo organiza actividades y programas para incentivar la lectura en diversos formatos, desde libros impresos hasta recursos digitales. El equipo tambi\u00e9n asesora a los docentes en la integraci\u00f3n de la biblioteca en las actividades curriculares, facilitando materiales y herramientas para enriquecer los procesos de ense\u00f1anza.<\/span><\/p>\n<p>[\/et_pb_text][\/et_pb_column][\/et_pb_row][\/et_pb_section][et_pb_section fb_built=\u00bb1&#8243; _builder_version=\u00bb4.22.2&#8243; _module_preset=\u00bbdefault\u00bb background_image=\u00bbhttps:\/\/escuelapresbiteriana.com\/wp-content\/uploads\/2026\/04\/bg-prueba-2.jpg\u00bb global_colors_info=\u00bb{}\u00bb][et_pb_row column_structure=\u00bb1_2,1_2&#8243; _builder_version=\u00bb4.22.2&#8243; _module_preset=\u00bbdefault\u00bb background_color=\u00bb#e2e2f0&#8243; background_enable_image=\u00bboff\u00bb custom_margin=\u00bb34px||34px||true|false\u00bb custom_padding=\u00bb36px|20px|36px|20px|true|true\u00bb border_radii=\u00bbon|18px|18px|18px|18px\u00bb global_colors_info=\u00bb{}\u00bb][et_pb_column type=\u00bb1_2&#8243; _builder_version=\u00bb4.22.2&#8243; _module_preset=\u00bbdefault\u00bb global_colors_info=\u00bb{}\u00bb][et_pb_text _builder_version=\u00bb4.22.2&#8243; _module_preset=\u00bbdefault\u00bb header_font=\u00bbCabin||||||||\u00bb header_text_color=\u00bb#333399&#8243; header_font_size=\u00bb26px\u00bb header_line_height=\u00bb1.2em\u00bb hover_enabled=\u00bb0&#8243; global_colors_info=\u00bb{}\u00bb sticky_enabled=\u00bb0&#8243;]<\/p>\n<h1>Reportaje: La historia de nuestro Cra<\/h1>\n<p>[\/et_pb_text][et_pb_text _builder_version=\u00bb4.22.2&#8243; _module_preset=\u00bbdefault\u00bb text_font=\u00bbCabin||||||||\u00bb text_text_color=\u00bb#000000&#8243; text_line_height=\u00bb1.8em\u00bb custom_margin=\u00bb13px|||||\u00bb custom_margin_tablet=\u00bb13px|||||\u00bb custom_margin_phone=\u00bb1px||||false|false\u00bb custom_margin_last_edited=\u00bbon|phone\u00bb text_orientation_tablet=\u00bb\u00bb text_orientation_phone=\u00bbjustified\u00bb text_orientation_last_edited=\u00bbon|phone\u00bb global_colors_info=\u00bb{}\u00bb]<\/p>\n<p>Registro audiovisual que busc\u00f3 conocer los or\u00edgenes, historias, an\u00e9cdotas y proyectos de nuestra biblioteca. Reportaje relatado por sus propios protagonistas, este material muestra lo lindo de este espacio y lo importante que es para nuestros profesores y especialmente para nuestros estudiantes.<\/p>\n<p>[\/et_pb_text][et_pb_button button_url=\u00bbhttps:\/\/www.youtube.com\/watch?v=ZdmfQyNrm3Y&#038;t=542s\u00bb url_new_window=\u00bbon\u00bb button_text=\u00bbVer el reportaje\u00bb _builder_version=\u00bb4.22.2&#8243; _module_preset=\u00bbdefault\u00bb custom_button=\u00bbon\u00bb button_text_color=\u00bb#333399&#8243; button_bg_color=\u00bb#ffde1a\u00bb button_border_width=\u00bb0px\u00bb button_border_radius=\u00bb30px\u00bb button_font=\u00bbLato||||||||\u00bb button_icon=\u00bb&#xf0a5;||fa||400&#8243; button_on_hover=\u00bboff\u00bb box_shadow_style=\u00bbpreset3&#8243; box_shadow_horizontal=\u00bb6px\u00bb box_shadow_vertical=\u00bb4px\u00bb box_shadow_blur=\u00bb12px\u00bb global_colors_info=\u00bb{}\u00bb transform_styles__hover_enabled=\u00bbon|hover\u00bb transform_scale__hover_enabled=\u00bbon|hover\u00bb transform_translate__hover_enabled=\u00bbon|desktop\u00bb transform_rotate__hover_enabled=\u00bbon|desktop\u00bb transform_skew__hover_enabled=\u00bbon|desktop\u00bb transform_origin__hover_enabled=\u00bbon|desktop\u00bb transform_scale__hover=\u00bb103%|103%\u00bb][\/et_pb_button][\/et_pb_column][et_pb_column type=\u00bb1_2&#8243; _builder_version=\u00bb4.22.2&#8243; _module_preset=\u00bbdefault\u00bb global_colors_info=\u00bb{}\u00bb][et_pb_image src=\u00bbhttps:\/\/escuelapresbiteriana.com\/wp-content\/uploads\/2026\/04\/colegio-presbitereano5.jpg\u00bb title_text=\u00bbcolegio presbitereano5&#8243; align=\u00bbcenter\u00bb _builder_version=\u00bb4.22.2&#8243; _module_preset=\u00bbdefault\u00bb width=\u00bb83%\u00bb border_radii=\u00bbon|18px|18px|18px|18px\u00bb global_colors_info=\u00bb{}\u00bb][\/et_pb_image][\/et_pb_column][\/et_pb_row][\/et_pb_section][et_pb_section fb_built=\u00bb1&#8243; _builder_version=\u00bb4.22.2&#8243; _module_preset=\u00bbdefault\u00bb background_image=\u00bbhttps:\/\/escuelapresbiteriana.com\/wp-content\/uploads\/2026\/04\/bg-prueba-2.jpg\u00bb global_colors_info=\u00bb{}\u00bb][et_pb_row column_structure=\u00bb1_2,1_2&#8243; _builder_version=\u00bb4.22.2&#8243; _module_preset=\u00bbdefault\u00bb background_color=\u00bb#e2e2f0&#8243; background_enable_image=\u00bboff\u00bb custom_margin=\u00bb34px||34px||true|false\u00bb custom_padding=\u00bb36px|20px|36px|20px|true|true\u00bb border_radii=\u00bbon|18px|18px|18px|18px\u00bb global_colors_info=\u00bb{}\u00bb][et_pb_column type=\u00bb1_2&#8243; _builder_version=\u00bb4.22.2&#8243; _module_preset=\u00bbdefault\u00bb global_colors_info=\u00bb{}\u00bb][et_pb_image src=\u00bbhttps:\/\/escuelapresbiteriana.com\/wp-content\/uploads\/2026\/04\/cra-980&#215;653-1.jpg\u00bb title_text=\u00bbcra-980&#215;653&#8243; align=\u00bbcenter\u00bb _builder_version=\u00bb4.22.2&#8243; _module_preset=\u00bbdefault\u00bb width=\u00bb83%\u00bb border_radii=\u00bbon|18px|18px|18px|18px\u00bb global_colors_info=\u00bb{}\u00bb][\/et_pb_image][\/et_pb_column][et_pb_column type=\u00bb1_2&#8243; _builder_version=\u00bb4.22.2&#8243; _module_preset=\u00bbdefault\u00bb global_colors_info=\u00bb{}\u00bb][et_pb_text _builder_version=\u00bb4.22.2&#8243; _module_preset=\u00bbdefault\u00bb text_font=\u00bbCabin||||||||\u00bb text_text_color=\u00bb#000000&#8243; text_line_height=\u00bb1.8em\u00bb custom_margin=\u00bb13px|||||\u00bb custom_margin_tablet=\u00bb13px|||||\u00bb custom_margin_phone=\u00bb1px||||false|false\u00bb custom_margin_last_edited=\u00bbon|phone\u00bb text_orientation_tablet=\u00bb\u00bb text_orientation_phone=\u00bbjustified\u00bb text_orientation_last_edited=\u00bbon|phone\u00bb global_colors_info=\u00bb{}\u00bb]<\/p>\n<p><span>Las responsabilidades de nuestro equipo CRA es mantener el inter\u00e9s de nuestos estudiantes hacia el estudio y aprendizaje, manteni\u00e9ndolos motivados y formando experiencias significativas cada vez que nos visiten.<\/span><\/p>\n<p>[\/et_pb_text][et_pb_button button_url=\u00bbhttps:\/\/www.youtube.com\/watch?v=ZdmfQyNrm3Y&#038;t=542s\u00bb url_new_window=\u00bbon\u00bb button_text=\u00bbM\u00e1s de nosotros\u00bb _builder_version=\u00bb4.22.2&#8243; _module_preset=\u00bbdefault\u00bb custom_button=\u00bbon\u00bb button_text_color=\u00bb#333399&#8243; button_bg_color=\u00bb#ffde1a\u00bb button_border_width=\u00bb0px\u00bb button_border_radius=\u00bb30px\u00bb button_font=\u00bbLato||||||||\u00bb button_icon=\u00bb&#xf0a5;||fa||400&#8243; button_on_hover=\u00bboff\u00bb box_shadow_style=\u00bbpreset3&#8243; box_shadow_horizontal=\u00bb6px\u00bb box_shadow_vertical=\u00bb4px\u00bb box_shadow_blur=\u00bb12px\u00bb global_colors_info=\u00bb{}\u00bb transform_styles__hover_enabled=\u00bbon|hover\u00bb transform_scale__hover_enabled=\u00bbon|hover\u00bb transform_translate__hover_enabled=\u00bbon|desktop\u00bb transform_rotate__hover_enabled=\u00bbon|desktop\u00bb transform_skew__hover_enabled=\u00bbon|desktop\u00bb transform_origin__hover_enabled=\u00bbon|desktop\u00bb transform_scale__hover=\u00bb103%|103%\u00bb][\/et_pb_button][\/et_pb_column][\/et_pb_row][\/et_pb_section][et_pb_section fb_built=\u00bb1&#8243; _builder_version=\u00bb4.22.2&#8243; _module_preset=\u00bbdefault\u00bb background_image=\u00bbhttps:\/\/escuelapresbiteriana.com\/wp-content\/uploads\/2026\/04\/bg-prueba-scaled-1.jpg\u00bb global_colors_info=\u00bb{}\u00bb][et_pb_row _builder_version=\u00bb4.22.2&#8243; _module_preset=\u00bbdefault\u00bb background_color=\u00bb#FFFFFF\u00bb custom_padding=\u00bb1.2%|2%|1.2%|2%|true|true\u00bb border_radii=\u00bbon|10px|10px|10px|10px\u00bb global_colors_info=\u00bb{}\u00bb][et_pb_column type=\u00bb4_4&#8243; _builder_version=\u00bb4.22.2&#8243; _module_preset=\u00bbdefault\u00bb global_colors_info=\u00bb{}\u00bb][et_pb_text _builder_version=\u00bb4.22.2&#8243; _module_preset=\u00bbdefault\u00bb text_font=\u00bbCabin||||||||\u00bb text_text_color=\u00bb#000000&#8243; text_line_height=\u00bb1.8em\u00bb header_3_font=\u00bbLato||||||||\u00bb header_3_text_color=\u00bb#333333&#8243; header_3_font_size=\u00bb20px\u00bb header_5_font=\u00bbLato||||||||\u00bb header_5_text_color=\u00bb#333333&#8243; header_5_line_height=\u00bb1.5em\u00bb custom_margin=\u00bb7px|||||\u00bb custom_margin_tablet=\u00bb83px|||||\u00bb custom_margin_phone=\u00bb1px||||false|false\u00bb custom_margin_last_edited=\u00bbon|phone\u00bb custom_padding=\u00bb28px|25px|28px|25px|true|true\u00bb text_orientation_tablet=\u00bb\u00bb text_orientation_phone=\u00bbjustified\u00bb text_orientation_last_edited=\u00bbon|phone\u00bb border_radii=\u00bbon|18px|18px|18px|18px\u00bb border_width_all=\u00bb1px\u00bb border_color_all=\u00bb#333399&#8243; global_colors_info=\u00bb{}\u00bb]<\/p>\n<h3 class=\"et_pb_toggle_title\">\u00bfQU\u00c9 BUSCAMOS?<\/h3>\n<ul>\n<li>\n<h5>Tenemos como objetivo apoyar el logro de las metas de aprendizaje establecidas en el curr\u00edculum<\/h5>\n<h5>nacional propuesto por la Reforma Educacional chilena.<\/h5>\n<\/li>\n<li>\n<h5>Promuever el desarrollo de habilidades en los estudiantes, en diferentes \u00e1reas del conocimiento.<\/h5>\n<\/li>\n<li>\n<h5>Buscar fomentar el inter\u00e9s por la informaci\u00f3n, la lectura, la cultura y el conocimiento.<\/h5>\n<\/li>\n<\/ul>\n<p>[\/et_pb_text][\/et_pb_column][\/et_pb_row][\/et_pb_section][et_pb_section fb_built=\u00bb1&#8243; _builder_version=\u00bb4.22.2&#8243; _module_preset=\u00bbdefault\u00bb background_image=\u00bbhttps:\/\/escuelapresbiteriana.com\/wp-content\/uploads\/2026\/04\/bg-prueba-2.jpg\u00bb global_colors_info=\u00bb{}\u00bb][et_pb_row column_structure=\u00bb1_3,1_3,1_3&#8243; use_custom_gutter=\u00bbon\u00bb gutter_width=\u00bb1&#8243; _builder_version=\u00bb4.22.2&#8243; _module_preset=\u00bbdefault\u00bb background_color=\u00bb#e2e2f0&#8243; background_enable_image=\u00bboff\u00bb custom_margin=\u00bb34px||34px||true|false\u00bb custom_padding=\u00bb36px|20px|36px|20px|true|true\u00bb border_radii=\u00bbon|18px|18px|18px|18px\u00bb global_colors_info=\u00bb{}\u00bb][et_pb_column type=\u00bb1_3&#8243; _builder_version=\u00bb4.22.2&#8243; _module_preset=\u00bbdefault\u00bb global_colors_info=\u00bb{}\u00bb][et_pb_image src=\u00bbhttps:\/\/escuelapresbiteriana.com\/wp-content\/uploads\/2026\/04\/IMG_4306-1-480&#215;360-1.jpg\u00bb title_text=\u00bbIMG_4306-1-480&#215;360&#8243; align=\u00bbcenter\u00bb _builder_version=\u00bb4.22.2&#8243; _module_preset=\u00bbdefault\u00bb width=\u00bb83%\u00bb border_radii=\u00bbon|18px|18px|18px|18px\u00bb global_colors_info=\u00bb{}\u00bb][\/et_pb_image][\/et_pb_column][et_pb_column type=\u00bb1_3&#8243; _builder_version=\u00bb4.22.2&#8243; _module_preset=\u00bbdefault\u00bb global_colors_info=\u00bb{}\u00bb][et_pb_image src=\u00bbhttps:\/\/escuelapresbiteriana.com\/wp-content\/uploads\/2026\/04\/IMG_5452-480&#215;360-1.jpeg\u00bb title_text=\u00bbIMG_5452-480&#215;360&#8243; align=\u00bbcenter\u00bb _builder_version=\u00bb4.22.2&#8243; _module_preset=\u00bbdefault\u00bb width=\u00bb83%\u00bb border_radii=\u00bbon|18px|18px|18px|18px\u00bb global_colors_info=\u00bb{}\u00bb][\/et_pb_image][\/et_pb_column][et_pb_column type=\u00bb1_3&#8243; _builder_version=\u00bb4.22.2&#8243; _module_preset=\u00bbdefault\u00bb global_colors_info=\u00bb{}\u00bb][et_pb_image src=\u00bbhttps:\/\/escuelapresbiteriana.com\/wp-content\/uploads\/2026\/04\/IMG_4303-480&#215;360-1.jpg\u00bb title_text=\u00bbIMG_4303-480&#215;360&#8243; align=\u00bbcenter\u00bb _builder_version=\u00bb4.22.2&#8243; _module_preset=\u00bbdefault\u00bb width=\u00bb83%\u00bb border_radii=\u00bbon|18px|18px|18px|18px\u00bb global_colors_info=\u00bb{}\u00bb][\/et_pb_image][\/et_pb_column][\/et_pb_row][\/et_pb_section][et_pb_section fb_built=\u00bb1&#8243; _builder_version=\u00bb4.22.2&#8243; _module_preset=\u00bbdefault\u00bb background_image=\u00bbhttps:\/\/escuelapresbiteriana.com\/wp-content\/uploads\/2026\/04\/bg-prueba-scaled-1.jpg\u00bb global_colors_info=\u00bb{}\u00bb][et_pb_row column_structure=\u00bb1_2,1_2&#8243; _builder_version=\u00bb4.22.2&#8243; _module_preset=\u00bbdefault\u00bb background_color=\u00bb#FFFFFF\u00bb custom_padding=\u00bb3%|2%|1%|2%|false|true\u00bb border_radii=\u00bbon|10px|10px|10px|10px\u00bb box_shadow_style=\u00bbpreset3&#8243; global_colors_info=\u00bb{}\u00bb][et_pb_column type=\u00bb1_2&#8243; _builder_version=\u00bb4.22.2&#8243; _module_preset=\u00bbdefault\u00bb global_colors_info=\u00bb{}\u00bb][et_pb_text _builder_version=\u00bb4.22.2&#8243; _module_preset=\u00bbdefault\u00bb header_font=\u00bbCabin|||on|||||\u00bb header_text_color=\u00bb#333399&#8243; header_font_size=\u00bb26px\u00bb header_line_height=\u00bb1.2em\u00bb custom_margin=\u00bb||-4px|||\u00bb global_colors_info=\u00bb{}\u00bb]<\/p>\n<h1>Un CRA RENOVADO<\/h1>\n<p>[\/et_pb_text][et_pb_text _builder_version=\u00bb4.22.2&#8243; _module_preset=\u00bbdefault\u00bb text_font=\u00bbCabin||||||||\u00bb text_text_color=\u00bb#000000&#8243; text_line_height=\u00bb1.8em\u00bb custom_margin=\u00bb13px|||||\u00bb custom_margin_tablet=\u00bb13px|||||\u00bb custom_margin_phone=\u00bb1px||||false|false\u00bb custom_margin_last_edited=\u00bbon|phone\u00bb text_orientation_tablet=\u00bb\u00bb text_orientation_phone=\u00bbjustified\u00bb text_orientation_last_edited=\u00bbon|phone\u00bb global_colors_info=\u00bb{}\u00bb]<\/p>\n<p><span>Desde el a\u00f1o 2023 nuestra instituci\u00f3n cuenta con una Biblioteca CRA reformada, acompa\u00f1ado por bellos murales realizado por la artista local Mar\u00eda Isabel Ortiz, donde se retrata grandes cl\u00e1sicos de la literatura sin dejar pinceladas sobre la historia de nuestro establecimiento y su relaci\u00f3n con lo que en alg\u00fan momento fue la Quinta Casale.<\/span><\/p>\n<p>[\/et_pb_text][\/et_pb_column][et_pb_column type=\u00bb1_2&#8243; _builder_version=\u00bb4.22.2&#8243; _module_preset=\u00bbdefault\u00bb global_colors_info=\u00bb{}\u00bb][et_pb_gallery gallery_ids=\u00bb238,237,236,235,234&#8243; posts_number=\u00bb2&#8243; show_title_and_caption=\u00bboff\u00bb _builder_version=\u00bb4.22.2&#8243; _module_preset=\u00bbdefault\u00bb pagination_font=\u00bbLato||||||||\u00bb pagination_text_color=\u00bb#333399&#8243; border_radii=\u00bbon|10px|10px|10px|10px\u00bb global_colors_info=\u00bb{}\u00bb][\/et_pb_gallery][\/et_pb_column][\/et_pb_row][\/et_pb_section][et_pb_section fb_built=\u00bb1&#8243; _builder_version=\u00bb4.22.2&#8243; _module_preset=\u00bbdefault\u00bb global_colors_info=\u00bb{}\u00bb][et_pb_row column_structure=\u00bb1_3,1_3,1_3&#8243; _builder_version=\u00bb4.22.2&#8243; _module_preset=\u00bbdefault\u00bb global_colors_info=\u00bb{}\u00bb][et_pb_column type=\u00bb1_3&#8243; _builder_version=\u00bb4.22.2&#8243; _module_preset=\u00bbdefault\u00bb global_colors_info=\u00bb{}\u00bb][\/et_pb_column][et_pb_column type=\u00bb1_3&#8243; _builder_version=\u00bb4.22.2&#8243; _module_preset=\u00bbdefault\u00bb global_colors_info=\u00bb{}\u00bb][et_pb_text _builder_version=\u00bb4.22.2&#8243; _module_preset=\u00bbdefault\u00bb text_font=\u00bbLato|||on|||||\u00bb text_text_color=\u00bb#333399&#8243; text_font_size=\u00bb26px\u00bb background_color=\u00bb#ffde1a\u00bb custom_padding=\u00bb12px|15px|12px|15px|true|true\u00bb border_radii=\u00bbon|18px|18px|18px|18px\u00bb global_colors_info=\u00bb{}\u00bb]<\/p>\n<p style=\"text-align: center;\">Recursos Digitales<\/p>\n<p>[\/et_pb_text][\/et_pb_column][et_pb_column type=\u00bb1_3&#8243; _builder_version=\u00bb4.22.2&#8243; _module_preset=\u00bbdefault\u00bb global_colors_info=\u00bb{}\u00bb][\/et_pb_column][\/et_pb_row][et_pb_row column_structure=\u00bb1_2,1_2&#8243; _builder_version=\u00bb4.22.2&#8243; _module_preset=\u00bbdefault\u00bb global_colors_info=\u00bb{}\u00bb][et_pb_column type=\u00bb1_2&#8243; _builder_version=\u00bb4.22.2&#8243; _module_preset=\u00bbdefault\u00bb global_colors_info=\u00bb{}\u00bb][et_pb_image src=\u00bbhttps:\/\/escuelapresbiteriana.com\/wp-content\/uploads\/2026\/04\/Biblioteca1-980&#215;551-1.jpg\u00bb title_text=\u00bbBiblioteca1-980&#215;551&#8243; url=\u00bbhttps:\/\/www.curriculumnacional.cl\/\u00bb url_new_window=\u00bbon\u00bb align=\u00bbcenter\u00bb _builder_version=\u00bb4.22.2&#8243; _module_preset=\u00bbdefault\u00bb border_radii=\u00bbon|18px|18px|18px|18px\u00bb global_colors_info=\u00bb{}\u00bb][\/et_pb_image][\/et_pb_column][et_pb_column type=\u00bb1_2&#8243; _builder_version=\u00bb4.22.2&#8243; _module_preset=\u00bbdefault\u00bb global_colors_info=\u00bb{}\u00bb][et_pb_image src=\u00bbhttps:\/\/escuelapresbiteriana.com\/wp-content\/uploads\/2026\/04\/Biblioteca2-980&#215;551-1.jpg\u00bb title_text=\u00bbBiblioteca2-980&#215;551&#8243; url=\u00bbhttps:\/\/bdescolar.mineduc.cl\/\u00bb url_new_window=\u00bbon\u00bb align=\u00bbcenter\u00bb _builder_version=\u00bb4.22.2&#8243; _module_preset=\u00bbdefault\u00bb border_radii=\u00bbon|18px|18px|18px|18px\u00bb global_colors_info=\u00bb{}\u00bb][\/et_pb_image][\/et_pb_column][\/et_pb_row][\/et_pb_section]<\/p>\n","protected":false},"excerpt":{"rendered":"<p>Equipo CRAComprometidas con fomentar el amor por los libros y el conocimiento en los estudiantes, este equipo tiene la labor de promover el acceso a la informaci\u00f3n y el desarrollo de habilidades de lectura y escritura en todas las etapas educativas. Adem\u00e1s de gestionar los recursos bibliogr\u00e1ficos, el equipo organiza actividades y programas para incentivar [&hellip;]<\/p>\n","protected":false},"author":1,"featured_media":0,"parent":0,"menu_order":0,"comment_status":"closed","ping_status":"closed","template":"","meta":{"_et_pb_use_builder":"on","_et_pb_old_content":"<!-- wp:divi\/placeholder \/-->","_et_gb_content_width":"","footnotes":""},"class_list":["post-27","page","type-page","status-publish","hentry"],"yoast_head":"<!-- This site is optimized with the Yoast SEO plugin v27.5 - https:\/\/yoast.com\/product\/yoast-seo-wordpress\/ -->\n<title>Equipo CRA - escuelapresbiteriana.com<\/title>\n<meta name=\"robots\" content=\"index, follow, max-snippet:-1, max-image-preview:large, max-video-preview:-1\" \/>\n<link rel=\"canonical\" href=\"https:\/\/escuelapresbiteriana.com\/index.php\/equipo-cra\/\" \/>\n<meta property=\"og:locale\" content=\"es_ES\" \/>\n<meta property=\"og:type\" content=\"article\" \/>\n<meta property=\"og:title\" content=\"Equipo CRA - escuelapresbiteriana.com\" \/>\n<meta property=\"og:description\" content=\"Equipo CRAComprometidas con fomentar el amor por los libros y el conocimiento en los estudiantes, este equipo tiene la labor de promover el acceso a la informaci\u00f3n y el desarrollo de habilidades de lectura y escritura en todas las etapas educativas. Adem\u00e1s de gestionar los recursos bibliogr\u00e1ficos, el equipo organiza actividades y programas para incentivar [&hellip;]\" \/>\n<meta property=\"og:url\" content=\"https:\/\/escuelapresbiteriana.com\/index.php\/equipo-cra\/\" \/>\n<meta property=\"og:site_name\" content=\"escuelapresbiteriana.com\" \/>\n<meta property=\"article:modified_time\" content=\"2026-04-29T19:04:16+00:00\" \/>\n<meta name=\"twitter:card\" content=\"summary_large_image\" \/>\n<meta name=\"twitter:label1\" content=\"Tiempo de lectura\" \/>\n\t<meta name=\"twitter:data1\" content=\"11 minutos\" \/>\n<script type=\"application\/ld+json\" class=\"yoast-schema-graph\">{\"@context\":\"https:\\\/\\\/schema.org\",\"@graph\":[{\"@type\":\"WebPage\",\"@id\":\"https:\\\/\\\/escuelapresbiteriana.com\\\/index.php\\\/equipo-cra\\\/\",\"url\":\"https:\\\/\\\/escuelapresbiteriana.com\\\/index.php\\\/equipo-cra\\\/\",\"name\":\"Equipo CRA - escuelapresbiteriana.com\",\"isPartOf\":{\"@id\":\"https:\\\/\\\/escuelapresbiteriana.com\\\/#website\"},\"datePublished\":\"2026-04-20T14:05:01+00:00\",\"dateModified\":\"2026-04-29T19:04:16+00:00\",\"breadcrumb\":{\"@id\":\"https:\\\/\\\/escuelapresbiteriana.com\\\/index.php\\\/equipo-cra\\\/#breadcrumb\"},\"inLanguage\":\"es\",\"potentialAction\":[{\"@type\":\"ReadAction\",\"target\":[\"https:\\\/\\\/escuelapresbiteriana.com\\\/index.php\\\/equipo-cra\\\/\"]}]},{\"@type\":\"BreadcrumbList\",\"@id\":\"https:\\\/\\\/escuelapresbiteriana.com\\\/index.php\\\/equipo-cra\\\/#breadcrumb\",\"itemListElement\":[{\"@type\":\"ListItem\",\"position\":1,\"name\":\"Portada\",\"item\":\"https:\\\/\\\/escuelapresbiteriana.com\\\/\"},{\"@type\":\"ListItem\",\"position\":2,\"name\":\"Equipo CRA\"}]},{\"@type\":\"WebSite\",\"@id\":\"https:\\\/\\\/escuelapresbiteriana.com\\\/#website\",\"url\":\"https:\\\/\\\/escuelapresbiteriana.com\\\/\",\"name\":\"escuelapresbiteriana.com\",\"description\":\"\",\"potentialAction\":[{\"@type\":\"SearchAction\",\"target\":{\"@type\":\"EntryPoint\",\"urlTemplate\":\"https:\\\/\\\/escuelapresbiteriana.com\\\/?s={search_term_string}\"},\"query-input\":{\"@type\":\"PropertyValueSpecification\",\"valueRequired\":true,\"valueName\":\"search_term_string\"}}],\"inLanguage\":\"es\"}]}<\/script>\n<!-- \/ Yoast SEO plugin. -->","yoast_head_json":{"title":"Equipo CRA - escuelapresbiteriana.com","robots":{"index":"index","follow":"follow","max-snippet":"max-snippet:-1","max-image-preview":"max-image-preview:large","max-video-preview":"max-video-preview:-1"},"canonical":"https:\/\/escuelapresbiteriana.com\/index.php\/equipo-cra\/","og_locale":"es_ES","og_type":"article","og_title":"Equipo CRA - escuelapresbiteriana.com","og_description":"Equipo CRAComprometidas con fomentar el amor por los libros y el conocimiento en los estudiantes, este equipo tiene la labor de promover el acceso a la informaci\u00f3n y el desarrollo de habilidades de lectura y escritura en todas las etapas educativas. Adem\u00e1s de gestionar los recursos bibliogr\u00e1ficos, el equipo organiza actividades y programas para incentivar [&hellip;]","og_url":"https:\/\/escuelapresbiteriana.com\/index.php\/equipo-cra\/","og_site_name":"escuelapresbiteriana.com","article_modified_time":"2026-04-29T19:04:16+00:00","twitter_card":"summary_large_image","twitter_misc":{"Tiempo de lectura":"11 minutos"},"schema":{"@context":"https:\/\/schema.org","@graph":[{"@type":"WebPage","@id":"https:\/\/escuelapresbiteriana.com\/index.php\/equipo-cra\/","url":"https:\/\/escuelapresbiteriana.com\/index.php\/equipo-cra\/","name":"Equipo CRA - escuelapresbiteriana.com","isPartOf":{"@id":"https:\/\/escuelapresbiteriana.com\/#website"},"datePublished":"2026-04-20T14:05:01+00:00","dateModified":"2026-04-29T19:04:16+00:00","breadcrumb":{"@id":"https:\/\/escuelapresbiteriana.com\/index.php\/equipo-cra\/#breadcrumb"},"inLanguage":"es","potentialAction":[{"@type":"ReadAction","target":["https:\/\/escuelapresbiteriana.com\/index.php\/equipo-cra\/"]}]},{"@type":"BreadcrumbList","@id":"https:\/\/escuelapresbiteriana.com\/index.php\/equipo-cra\/#breadcrumb","itemListElement":[{"@type":"ListItem","position":1,"name":"Portada","item":"https:\/\/escuelapresbiteriana.com\/"},{"@type":"ListItem","position":2,"name":"Equipo CRA"}]},{"@type":"WebSite","@id":"https:\/\/escuelapresbiteriana.com\/#website","url":"https:\/\/escuelapresbiteriana.com\/","name":"escuelapresbiteriana.com","description":"","potentialAction":[{"@type":"SearchAction","target":{"@type":"EntryPoint","urlTemplate":"https:\/\/escuelapresbiteriana.com\/?s={search_term_string}"},"query-input":{"@type":"PropertyValueSpecification","valueRequired":true,"valueName":"search_term_string"}}],"inLanguage":"es"}]}},"_links":{"self":[{"href":"https:\/\/escuelapresbiteriana.com\/index.php\/wp-json\/wp\/v2\/pages\/27","targetHints":{"allow":["GET"]}}],"collection":[{"href":"https:\/\/escuelapresbiteriana.com\/index.php\/wp-json\/wp\/v2\/pages"}],"about":[{"href":"https:\/\/escuelapresbiteriana.com\/index.php\/wp-json\/wp\/v2\/types\/page"}],"author":[{"embeddable":true,"href":"https:\/\/escuelapresbiteriana.com\/index.php\/wp-json\/wp\/v2\/users\/1"}],"replies":[{"embeddable":true,"href":"https:\/\/escuelapresbiteriana.com\/index.php\/wp-json\/wp\/v2\/comments?post=27"}],"version-history":[{"count":7,"href":"https:\/\/escuelapresbiteriana.com\/index.php\/wp-json\/wp\/v2\/pages\/27\/revisions"}],"predecessor-version":[{"id":666,"href":"https:\/\/escuelapresbiteriana.com\/index.php\/wp-json\/wp\/v2\/pages\/27\/revisions\/666"}],"wp:attachment":[{"href":"https:\/\/escuelapresbiteriana.com\/index.php\/wp-json\/wp\/v2\/media?parent=27"}],"curies":[{"name":"wp","href":"https:\/\/api.w.org\/{rel}","templated":true}]}}