{"id":21,"date":"2026-04-20T13:59:02","date_gmt":"2026-04-20T13:59:02","guid":{"rendered":"http:\/\/escuelapresbiteriana.com.portalesdenegocios.com\/?page_id=21"},"modified":"2026-04-27T19:04:13","modified_gmt":"2026-04-27T19:04:13","slug":"comunidad","status":"publish","type":"page","link":"https:\/\/escuelapresbiteriana.com\/index.php\/comunidad\/","title":{"rendered":"Comunidad"},"content":{"rendered":"<p>[et_pb_section fb_built=\u00bb1&#8243; _builder_version=\u00bb4.22.2&#8243; _module_preset=\u00bbdefault\u00bb background_image=\u00bbhttps:\/\/escuelapresbiteriana.com\/wp-content\/uploads\/2026\/04\/bg-interiores.jpg\u00bb global_colors_info=\u00bb{}\u00bb][et_pb_row _builder_version=\u00bb4.22.2&#8243; _module_preset=\u00bbdefault\u00bb global_colors_info=\u00bb{}\u00bb][et_pb_column type=\u00bb4_4&#8243; _builder_version=\u00bb4.22.2&#8243; _module_preset=\u00bbdefault\u00bb global_colors_info=\u00bb{}\u00bb][et_pb_text _builder_version=\u00bb4.22.2&#8243; _module_preset=\u00bbdefault\u00bb header_2_font=\u00bbLato|||on|||||\u00bb header_2_text_color=\u00bb#FFFFFF\u00bb header_2_font_size=\u00bb45px\u00bb header_2_line_height=\u00bb1.5em\u00bb global_colors_info=\u00bb{}\u00bb]<\/p>\n<h2 style=\"text-align: center;\"><span>Comunidad<\/span><\/h2>\n<p>[\/et_pb_text][et_pb_divider color=\u00bb#ffde1a\u00bb _builder_version=\u00bb4.22.2&#8243; _module_preset=\u00bbdefault\u00bb global_colors_info=\u00bb{}\u00bb][\/et_pb_divider][\/et_pb_column][\/et_pb_row][\/et_pb_section][et_pb_section fb_built=\u00bb1&#8243; _builder_version=\u00bb4.22.2&#8243; _module_preset=\u00bbdefault\u00bb width=\u00bb100%\u00bb global_colors_info=\u00bb{}\u00bb][et_pb_row _builder_version=\u00bb4.22.2&#8243; _module_preset=\u00bbdefault\u00bb global_colors_info=\u00bb{}\u00bb][et_pb_column type=\u00bb4_4&#8243; _builder_version=\u00bb4.22.2&#8243; _module_preset=\u00bbdefault\u00bb global_colors_info=\u00bb{}\u00bb][et_pb_text _builder_version=\u00bb4.22.2&#8243; _module_preset=\u00bbdefault\u00bb header_6_font=\u00bbLato|700|||||||\u00bb header_6_text_color=\u00bb#333399&#8243; header_6_font_size=\u00bb26px\u00bb header_6_line_height=\u00bb1.2em\u00bb global_colors_info=\u00bb{}\u00bb]<\/p>\n<h6 style=\"text-align: center;\"><strong><span>CONOCE A NUESTRA COMUNIDAD<\/span><\/strong><\/h6>\n<p>[\/et_pb_text][\/et_pb_column][\/et_pb_row][et_pb_row column_structure=\u00bb1_2,1_2&#8243; _builder_version=\u00bb4.22.2&#8243; _module_preset=\u00bbdefault\u00bb background_image=\u00bbhttps:\/\/escuelapresbiteriana.com\/wp-content\/uploads\/2026\/04\/bg-prueba-2.jpg\u00bb custom_margin=\u00bb24px||42px||false|false\u00bb custom_padding=\u00bb36px|20px|36px|20px|true|true\u00bb border_radii=\u00bbon|18px|18px|18px|18px\u00bb global_colors_info=\u00bb{}\u00bb][et_pb_column type=\u00bb1_2&#8243; _builder_version=\u00bb4.22.2&#8243; _module_preset=\u00bbdefault\u00bb global_colors_info=\u00bb{}\u00bb][et_pb_text _builder_version=\u00bb4.22.2&#8243; _module_preset=\u00bbdefault\u00bb text_font=\u00bbLato|||on|||||\u00bb text_text_color=\u00bb#333399&#8243; text_font_size=\u00bb22px\u00bb text_line_height=\u00bb1.3em\u00bb background_color=\u00bb#ffde1a\u00bb custom_margin=\u00bb|12%||12%|false|true\u00bb custom_padding=\u00bb8px|12px|8px|12px|true|true\u00bb border_radii=\u00bbon|12px|12px|12px|12px\u00bb global_colors_info=\u00bb{}\u00bb]<\/p>\n<p style=\"text-align: center;\">Equipo directivo<\/p>\n<p>[\/et_pb_text][et_pb_text _builder_version=\u00bb4.22.2&#8243; _module_preset=\u00bbdefault\u00bb text_font=\u00bbCabin||||||||\u00bb text_text_color=\u00bb#FFFFFF\u00bb text_line_height=\u00bb1.8em\u00bb hover_enabled=\u00bb0&#8243; global_colors_info=\u00bb{}\u00bb sticky_enabled=\u00bb0&#8243;]<\/p>\n<p style=\"text-align: center;\"><span>Contamos con un equipo directivo s\u00f3lido, comprometido y altamente capacitado, que ejerce un liderazgo organizacional basado en principios de colaboraci\u00f3n, visi\u00f3n estrat\u00e9gica y mejora continua.<\/span><\/p>\n<p style=\"text-align: center;\"><span>Nuestra labor se centra en fortalecer el rol institucional, consolidando una cultura educativa participativa, reflexiva e innovadora. A trav\u00e9s de una gesti\u00f3n pedag\u00f3gica y administrativa eficiente, promovemos el desarrollo integral de la comunidad educativa, potenciando las capacidades individuales y colectivas de los docentes, estudiantes, familias.<\/span><\/p>\n<p>[\/et_pb_text][\/et_pb_column][et_pb_column type=\u00bb1_2&#8243; _builder_version=\u00bb4.22.2&#8243; _module_preset=\u00bbdefault\u00bb global_colors_info=\u00bb{}\u00bb][et_pb_image src=\u00bbhttps:\/\/escuelapresbiteriana.com\/wp-content\/uploads\/2026\/04\/comunidad.jpeg\u00bb title_text=\u00bbcomunidad\u00bb align=\u00bbcenter\u00bb _builder_version=\u00bb4.22.2&#8243; _module_preset=\u00bbdefault\u00bb border_radii=\u00bbon|18px|18px|18px|18px\u00bb global_colors_info=\u00bb{}\u00bb][\/et_pb_image][\/et_pb_column][\/et_pb_row][et_pb_row column_structure=\u00bb1_2,1_2&#8243; _builder_version=\u00bb4.22.2&#8243; _module_preset=\u00bbdefault\u00bb background_image=\u00bbhttps:\/\/escuelapresbiteriana.com\/wp-content\/uploads\/2026\/04\/bg-prueba-2.jpg\u00bb custom_margin=\u00bb34px||34px||true|false\u00bb custom_padding=\u00bb36px|20px|36px|20px|true|true\u00bb border_radii=\u00bbon|18px|18px|18px|18px\u00bb global_colors_info=\u00bb{}\u00bb][et_pb_column type=\u00bb1_2&#8243; _builder_version=\u00bb4.22.2&#8243; _module_preset=\u00bbdefault\u00bb global_colors_info=\u00bb{}\u00bb][et_pb_text _builder_version=\u00bb4.22.2&#8243; _module_preset=\u00bbdefault\u00bb text_font=\u00bbLato|||on|||||\u00bb text_text_color=\u00bb#333399&#8243; text_font_size=\u00bb22px\u00bb text_line_height=\u00bb1.3em\u00bb background_color=\u00bb#ffde1a\u00bb custom_margin=\u00bb|12%||12%|false|true\u00bb custom_padding=\u00bb8px|12px|8px|12px|true|true\u00bb border_radii=\u00bbon|12px|12px|12px|12px\u00bb global_colors_info=\u00bb{}\u00bb]<\/p>\n<p style=\"text-align: center;\">Equipo UTP<\/p>\n<p>[\/et_pb_text][et_pb_text _builder_version=\u00bb4.22.2&#8243; _module_preset=\u00bbdefault\u00bb text_font=\u00bbCabin||||||||\u00bb text_text_color=\u00bb#FFFFFF\u00bb text_line_height=\u00bb1.8em\u00bb global_colors_info=\u00bb{}\u00bb]<\/p>\n<p style=\"text-align: center;\"><span>Nuestro equipo de Unidad T\u00e9cnica Pedag\u00f3gica est\u00e1 compuesto por profesionales comprometidos, con experiencia y vocaci\u00f3n educativa. Su principal labor es apoyar y fortalecer los procesos pedag\u00f3gicos del colegio, acompa\u00f1ando a los docentes en la planificaci\u00f3n, implementaci\u00f3n y evaluaci\u00f3n del aprendizaje. Trabajan con responsabilidad, dedicaci\u00f3n y esp\u00edritu colaborativo, promoviendo pr\u00e1cticas innovadoras y alineadas al curr\u00edculum. Gracias a su trabajo constante, contribuimos al desarrollo integral de nuestros estudiantes y a una educaci\u00f3n de calidad centrada en sus necesidades.<\/span><\/p>\n<p>[\/et_pb_text][\/et_pb_column][et_pb_column type=\u00bb1_2&#8243; _builder_version=\u00bb4.22.2&#8243; _module_preset=\u00bbdefault\u00bb global_colors_info=\u00bb{}\u00bb][et_pb_image src=\u00bbhttps:\/\/escuelapresbiteriana.com\/wp-content\/uploads\/2026\/04\/utp.png\u00bb title_text=\u00bbutp\u00bb align=\u00bbcenter\u00bb _builder_version=\u00bb4.22.2&#8243; _module_preset=\u00bbdefault\u00bb border_radii=\u00bbon|18px|18px|18px|18px\u00bb global_colors_info=\u00bb{}\u00bb][\/et_pb_image][\/et_pb_column][\/et_pb_row][et_pb_row column_structure=\u00bb1_2,1_2&#8243; _builder_version=\u00bb4.22.2&#8243; _module_preset=\u00bbdefault\u00bb background_image=\u00bbhttps:\/\/escuelapresbiteriana.com\/wp-content\/uploads\/2026\/04\/bg-prueba-2.jpg\u00bb custom_margin=\u00bb34px||34px||true|false\u00bb custom_padding=\u00bb36px|20px|36px|20px|true|true\u00bb border_radii=\u00bbon|18px|18px|18px|18px\u00bb global_colors_info=\u00bb{}\u00bb][et_pb_column type=\u00bb1_2&#8243; _builder_version=\u00bb4.22.2&#8243; _module_preset=\u00bbdefault\u00bb global_colors_info=\u00bb{}\u00bb][et_pb_text _builder_version=\u00bb4.22.2&#8243; _module_preset=\u00bbdefault\u00bb text_font=\u00bbLato||||||||\u00bb text_text_color=\u00bb#333399&#8243; text_font_size=\u00bb22px\u00bb text_line_height=\u00bb1.3em\u00bb background_color=\u00bb#ffde1a\u00bb custom_margin=\u00bb|12%||12%|false|true\u00bb custom_padding=\u00bb8px|12px|8px|12px|true|true\u00bb border_radii=\u00bbon|12px|12px|12px|12px\u00bb global_colors_info=\u00bb{}\u00bb]<\/p>\n<p style=\"text-align: center;\">PASTORA<\/p>\n<p>[\/et_pb_text][et_pb_text _builder_version=\u00bb4.22.2&#8243; _module_preset=\u00bbdefault\u00bb text_font=\u00bbCabin||||||||\u00bb text_text_color=\u00bb#FFFFFF\u00bb text_line_height=\u00bb1.8em\u00bb global_colors_info=\u00bb{}\u00bb]<\/p>\n<p style=\"text-align: center;\"><span>Acompa\u00f1ada de nuestra directora y nuestro sostenedor, la Pastora Mical Araya es una gu\u00eda espiritual y un pilar fundamental para la comunidad educativa. Su labor se centra en acompa\u00f1ar a estudiantes, familias y colaboradores en su crecimiento espiritual, promoviendo valores cristianos, el amor al pr\u00f3jimo y la construcci\u00f3n de una convivencia basada en el respeto y la fe. Con dedicaci\u00f3n, escucha y cercan\u00eda, inspira a toda la comunidad a vivir con prop\u00f3sito y a fortalecer su relaci\u00f3n con Dios en el d\u00eda a d\u00eda.<\/span><\/p>\n<p>[\/et_pb_text][\/et_pb_column][et_pb_column type=\u00bb1_2&#8243; _builder_version=\u00bb4.22.2&#8243; _module_preset=\u00bbdefault\u00bb global_colors_info=\u00bb{}\u00bb][et_pb_image src=\u00bbhttps:\/\/escuelapresbiteriana.com\/wp-content\/uploads\/2026\/04\/pastora.jpg\u00bb title_text=\u00bbpastora\u00bb align=\u00bbcenter\u00bb _builder_version=\u00bb4.22.2&#8243; _module_preset=\u00bbdefault\u00bb border_radii=\u00bbon|18px|18px|18px|18px\u00bb global_colors_info=\u00bb{}\u00bb][\/et_pb_image][\/et_pb_column][\/et_pb_row][\/et_pb_section][et_pb_section fb_built=\u00bb1&#8243; _builder_version=\u00bb4.22.2&#8243; _module_preset=\u00bbdefault\u00bb background_color=\u00bb#333399&#8243; global_colors_info=\u00bb{}\u00bb][et_pb_row _builder_version=\u00bb4.22.2&#8243; _module_preset=\u00bbdefault\u00bb background_color=\u00bb#e2e2f0&#8243; custom_padding=\u00bb|20px||20px|false|true\u00bb border_radii=\u00bbon|18px|18px|18px|18px\u00bb global_colors_info=\u00bb{}\u00bb][et_pb_column type=\u00bb4_4&#8243; _builder_version=\u00bb4.22.2&#8243; _module_preset=\u00bbdefault\u00bb global_colors_info=\u00bb{}\u00bb][et_pb_text _builder_version=\u00bb4.22.2&#8243; _module_preset=\u00bbdefault\u00bb text_font=\u00bbLato|||on|||||\u00bb text_text_color=\u00bb#333399&#8243; text_font_size=\u00bb22px\u00bb text_line_height=\u00bb1.3em\u00bb background_color=\u00bb#ffde1a\u00bb custom_margin=\u00bb|32%||32%|false|true\u00bb custom_padding=\u00bb8px|12px|8px|12px|true|true\u00bb border_radii=\u00bbon|12px|12px|12px|12px\u00bb global_colors_info=\u00bb{}\u00bb]<\/p>\n<p style=\"text-align: center;\">equipo docente<\/p>\n<p>[\/et_pb_text][et_pb_text _builder_version=\u00bb4.22.2&#8243; _module_preset=\u00bbdefault\u00bb text_font=\u00bbCabin||||||||\u00bb text_text_color=\u00bb#333333&#8243; text_line_height=\u00bb1.8em\u00bb hover_enabled=\u00bb0&#8243; global_colors_info=\u00bb{}\u00bb sticky_enabled=\u00bb0&#8243;]<\/p>\n<p style=\"text-align: center;\"><span><\/span><\/p>\n<p style=\"text-align: center;\"><span>Nuestro equipo docente est\u00e1 conformado por profesionales altamente capacitados, con una s\u00f3lida formaci\u00f3n acad\u00e9mica y una profunda vocaci\u00f3n educativa.\u00a0<\/span><span>Cada uno de nuestros educadores y educadoras cuenta con una destacada trayectoria en su campo de especialidad, lo que garantiza una ense\u00f1anza pertinente, actualizada y de alta calidad.<\/span><\/p>\n<p style=\"text-align: center;\"><span>Nos caracterizamos por tener un cuerpo docente comprometido con el aprendizaje significativo, la innovaci\u00f3n pedag\u00f3gica y la atenci\u00f3n a la diversidad.<\/span><\/p>\n<p>[\/et_pb_text][et_pb_image src=\u00bbhttps:\/\/escuelapresbiteriana.com\/wp-content\/uploads\/2026\/04\/primer-ciclo.jpg\u00bb title_text=\u00bbprimer ciclo\u00bb align=\u00bbcenter\u00bb _builder_version=\u00bb4.22.2&#8243; _module_preset=\u00bbdefault\u00bb border_radii=\u00bbon|18px|18px|18px|18px\u00bb global_colors_info=\u00bb{}\u00bb][\/et_pb_image][et_pb_image src=\u00bbhttps:\/\/escuelapresbiteriana.com\/wp-content\/uploads\/2026\/04\/segundo-ciclo.-2-1-1280&#215;505-1.jpg\u00bb title_text=\u00bbsegundo-ciclo.-2-1-1280&#215;505&#8243; align=\u00bbcenter\u00bb _builder_version=\u00bb4.22.2&#8243; _module_preset=\u00bbdefault\u00bb border_radii=\u00bbon|18px|18px|18px|18px\u00bb global_colors_info=\u00bb{}\u00bb][\/et_pb_image][\/et_pb_column][\/et_pb_row][\/et_pb_section][et_pb_section fb_built=\u00bb1&#8243; _builder_version=\u00bb4.22.2&#8243; _module_preset=\u00bbdefault\u00bb background_image=\u00bbhttps:\/\/escuelapresbiteriana.com\/wp-content\/uploads\/2026\/04\/bg-prueba-4.jpg\u00bb global_colors_info=\u00bb{}\u00bb][et_pb_row column_structure=\u00bb1_2,1_2&#8243; _builder_version=\u00bb4.22.2&#8243; _module_preset=\u00bbdefault\u00bb background_image=\u00bbhttps:\/\/escuelapresbiteriana.com\/wp-content\/uploads\/2026\/04\/bg-prueba-2.jpg\u00bb custom_margin=\u00bb34px||34px||true|false\u00bb custom_padding=\u00bb36px|20px|36px|20px|true|true\u00bb border_radii=\u00bbon|18px|18px|18px|18px\u00bb global_colors_info=\u00bb{}\u00bb][et_pb_column type=\u00bb1_2&#8243; _builder_version=\u00bb4.22.2&#8243; _module_preset=\u00bbdefault\u00bb global_colors_info=\u00bb{}\u00bb][et_pb_text _builder_version=\u00bb4.22.2&#8243; _module_preset=\u00bbdefault\u00bb text_font=\u00bbLato|||on|||||\u00bb text_text_color=\u00bb#333399&#8243; text_font_size=\u00bb22px\u00bb text_line_height=\u00bb1.3em\u00bb background_color=\u00bb#ffde1a\u00bb custom_margin=\u00bb|12%||12%|false|true\u00bb custom_padding=\u00bb8px|12px|8px|12px|true|true\u00bb border_radii=\u00bbon|12px|12px|12px|12px\u00bb global_colors_info=\u00bb{}\u00bb]<\/p>\n<p style=\"text-align: center;\">Equipo psicosocial<\/p>\n<p>[\/et_pb_text][et_pb_text _builder_version=\u00bb4.22.2&#8243; _module_preset=\u00bbdefault\u00bb text_font=\u00bbCabin||||||||\u00bb text_text_color=\u00bb#FFFFFF\u00bb text_line_height=\u00bb1.8em\u00bb global_colors_info=\u00bb{}\u00bb]<\/p>\n<p style=\"text-align: center;\"><span>El equipo psicosocial de nuestro colegio est\u00e1 formado por profesionales comprometidos con el desarrollo integral de los estudiantes.<br \/><\/span><span>Brindan apoyo psicol\u00f3gico, psicopedagog\u00edco y emocional, identificando y abordando dificultades relacionadas con la convivencia, el aprendizaje y el bienestar emocional.\u00a0<br \/><\/span><span>De esta manera, el equipo psicosocial juega un papel clave en la creaci\u00f3n de un entorno educativo inclusivo y respetuoso, facilitando el crecimiento emocional y social de todos los miembros de nuestra comunidad escolar.<\/span><\/p>\n<p>[\/et_pb_text][\/et_pb_column][et_pb_column type=\u00bb1_2&#8243; _builder_version=\u00bb4.22.2&#8243; _module_preset=\u00bbdefault\u00bb global_colors_info=\u00bb{}\u00bb][et_pb_image src=\u00bbhttps:\/\/escuelapresbiteriana.com\/wp-content\/uploads\/2026\/04\/Psicosocial.png\u00bb title_text=\u00bbPsicosocial\u00bb align=\u00bbcenter\u00bb _builder_version=\u00bb4.22.2&#8243; _module_preset=\u00bbdefault\u00bb border_radii=\u00bbon|18px|18px|18px|18px\u00bb global_colors_info=\u00bb{}\u00bb][\/et_pb_image][\/et_pb_column][\/et_pb_row][\/et_pb_section][et_pb_section fb_built=\u00bb1&#8243; _builder_version=\u00bb4.22.2&#8243; _module_preset=\u00bbdefault\u00bb background_image=\u00bbhttps:\/\/escuelapresbiteriana.com\/wp-content\/uploads\/2026\/04\/bg-prueba-2.jpg\u00bb global_colors_info=\u00bb{}\u00bb][et_pb_row column_structure=\u00bb1_2,1_2&#8243; _builder_version=\u00bb4.22.2&#8243; _module_preset=\u00bbdefault\u00bb background_color=\u00bb#e2e2f0&#8243; background_enable_image=\u00bboff\u00bb custom_margin=\u00bb34px||34px||true|false\u00bb custom_padding=\u00bb36px|20px|36px|20px|true|true\u00bb border_radii=\u00bbon|18px|18px|18px|18px\u00bb global_colors_info=\u00bb{}\u00bb][et_pb_column type=\u00bb1_2&#8243; _builder_version=\u00bb4.22.2&#8243; _module_preset=\u00bbdefault\u00bb global_colors_info=\u00bb{}\u00bb][et_pb_text _builder_version=\u00bb4.22.2&#8243; _module_preset=\u00bbdefault\u00bb text_font=\u00bbLato|||on|||||\u00bb text_text_color=\u00bb#333399&#8243; text_font_size=\u00bb22px\u00bb text_line_height=\u00bb1.3em\u00bb background_color=\u00bb#ffde1a\u00bb custom_margin=\u00bb|12%||12%|false|true\u00bb custom_padding=\u00bb8px|12px|8px|12px|true|true\u00bb border_radii=\u00bbon|12px|12px|12px|12px\u00bb global_colors_info=\u00bb{}\u00bb]<\/p>\n<p style=\"text-align: center;\">Equipo pie<\/p>\n<p>[\/et_pb_text][et_pb_text _builder_version=\u00bb4.22.2&#8243; _module_preset=\u00bbdefault\u00bb text_font=\u00bbCabin||||||||\u00bb text_text_color=\u00bb#333333&#8243; text_line_height=\u00bb1.8em\u00bb hover_enabled=\u00bb0&#8243; global_colors_info=\u00bb{}\u00bb sticky_enabled=\u00bb0&#8243;]<\/p>\n<p style=\"text-align: center;\"><span>El equipo de proyecto de integraci\u00f3n escolar de nuestro colegio est\u00e1 conformado por profesionales dedicados a garantizar la inclusi\u00f3n y la equidad educativa para todos los estudiantes. Su labor se enfoca en dise\u00f1ar e implementar estrategias que favorezcan la integraci\u00f3n de estudiantes con diversas necesidades, promoviendo un ambiente accesible y respetuoso.<\/span><\/p>\n<p style=\"text-align: center;\"><span>Adem\u00e1s, colaboran estrechamente con docentes, familias y otros profesionales, brindando orientaci\u00f3n y apoyo para fomentar una cultura de inclusi\u00f3n y diversidad en toda la comunidad educativa.<\/span><\/p>\n<p>[\/et_pb_text][\/et_pb_column][et_pb_column type=\u00bb1_2&#8243; _builder_version=\u00bb4.22.2&#8243; _module_preset=\u00bbdefault\u00bb global_colors_info=\u00bb{}\u00bb][et_pb_image src=\u00bbhttps:\/\/escuelapresbiteriana.com\/wp-content\/uploads\/2026\/04\/equipo-pie.jpg\u00bb title_text=\u00bbequipo pie\u00bb align=\u00bbcenter\u00bb _builder_version=\u00bb4.22.2&#8243; _module_preset=\u00bbdefault\u00bb border_radii=\u00bbon|18px|18px|18px|18px\u00bb global_colors_info=\u00bb{}\u00bb][\/et_pb_image][\/et_pb_column][\/et_pb_row][\/et_pb_section][et_pb_section fb_built=\u00bb1&#8243; _builder_version=\u00bb4.22.2&#8243; _module_preset=\u00bbdefault\u00bb global_colors_info=\u00bb{}\u00bb][et_pb_row column_structure=\u00bb1_2,1_2&#8243; _builder_version=\u00bb4.22.2&#8243; _module_preset=\u00bbdefault\u00bb global_colors_info=\u00bb{}\u00bb][et_pb_column type=\u00bb1_2&#8243; _builder_version=\u00bb4.22.2&#8243; _module_preset=\u00bbdefault\u00bb global_colors_info=\u00bb{}\u00bb][et_pb_image src=\u00bbhttps:\/\/escuelapresbiteriana.com\/wp-content\/uploads\/2026\/04\/equipo-cra.png\u00bb title_text=\u00bbequipo cra\u00bb align=\u00bbcenter\u00bb _builder_version=\u00bb4.22.2&#8243; _module_preset=\u00bbdefault\u00bb border_radii=\u00bbon|18px|18px|18px|18px\u00bb global_colors_info=\u00bb{}\u00bb][\/et_pb_image][et_pb_button button_url=\u00bbhttps:\/\/escuelapresbiteriana.com\/index.php\/actividades\/\u00bb button_text=\u00bbEquipo Cra\u00bb button_alignment=\u00bbcenter\u00bb _builder_version=\u00bb4.22.2&#8243; _module_preset=\u00bbdefault\u00bb custom_button=\u00bbon\u00bb button_text_color=\u00bb#333399&#8243; button_bg_color=\u00bb#ffde1a\u00bb button_border_width=\u00bb0px\u00bb button_border_radius=\u00bb8px\u00bb button_font=\u00bb|600||on|||||\u00bb box_shadow_style=\u00bbpreset3&#8243; global_colors_info=\u00bb{}\u00bb][\/et_pb_button][et_pb_text _builder_version=\u00bb4.22.2&#8243; _module_preset=\u00bbdefault\u00bb text_font=\u00bbCabin||||||||\u00bb text_text_color=\u00bb#333333&#8243; text_line_height=\u00bb1.8em\u00bb hover_enabled=\u00bb0&#8243; global_colors_info=\u00bb{}\u00bb sticky_enabled=\u00bb0&#8243;]<\/p>\n<h6 style=\"text-align: center;\"><\/h6>\n<p dir=\"ltr\" data-pm-slice=\"1 1 []\" style=\"text-align: center;\">El equipo CRA de nuestro colegio es apasionado por fomentar la lectura y el aprendizaje continuo en la comunidad educativa. Su trabajo se centra en gestionar y enriquecer los recursos bibliogr\u00e1ficos, promover actividades que estimulen el inter\u00e9s por el conocimiento y crear un espacio acogedor que inspire la creatividad, la investigaci\u00f3n y el amor por los libros.<\/p>\n<p>[\/et_pb_text][\/et_pb_column][et_pb_column type=\u00bb1_2&#8243; _builder_version=\u00bb4.22.2&#8243; _module_preset=\u00bbdefault\u00bb global_colors_info=\u00bb{}\u00bb][et_pb_image src=\u00bbhttps:\/\/escuelapresbiteriana.com\/wp-content\/uploads\/2026\/04\/inspectoria.png\u00bb title_text=\u00bbinspectoria\u00bb align=\u00bbcenter\u00bb _builder_version=\u00bb4.22.2&#8243; _module_preset=\u00bbdefault\u00bb border_radii=\u00bbon|18px|18px|18px|18px\u00bb global_colors_info=\u00bb{}\u00bb][\/et_pb_image][et_pb_button button_url=\u00bbhttps:\/\/escuelapresbiteriana.com\/index.php\/actividades\/\u00bb button_text=\u00bbEquipo inspector\u00eda\u00bb button_alignment=\u00bbcenter\u00bb _builder_version=\u00bb4.22.2&#8243; _module_preset=\u00bbdefault\u00bb custom_button=\u00bbon\u00bb button_text_color=\u00bb#333399&#8243; button_bg_color=\u00bb#ffde1a\u00bb button_border_width=\u00bb0px\u00bb button_border_radius=\u00bb8px\u00bb button_font=\u00bb|600||on|||||\u00bb box_shadow_style=\u00bbpreset3&#8243; global_colors_info=\u00bb{}\u00bb][\/et_pb_button][et_pb_text _builder_version=\u00bb4.22.2&#8243; _module_preset=\u00bbdefault\u00bb text_font=\u00bbCabin||||||||\u00bb text_text_color=\u00bb#333333&#8243; text_line_height=\u00bb1.8em\u00bb global_colors_info=\u00bb{}\u00bb]<\/p>\n<p style=\"text-align: center;\">El equipo de inspector\u00eda de nuestro colegio busca generar un entorno educativo seguro, respetuoso y ordenado. Su trabajo se centra en supervisar el cumplimiento de las normas institucionales, promover valores de convivencia y apoyar a los estudiantes en el desarrollo de una conducta responsable, contribuyendo as\u00ed a un ambiente escolar arm\u00f3nico y propicio para el aprendizaje. Escuela presbiteriana en antofagasta<br \/>valores, y buena ense\u00f1anza en escuela en antofagasta<\/p>\n<p>[\/et_pb_text][\/et_pb_column][\/et_pb_row][\/et_pb_section][et_pb_section fb_built=\u00bb1&#8243; _builder_version=\u00bb4.22.2&#8243; _module_preset=\u00bbdefault\u00bb global_colors_info=\u00bb{}\u00bb][et_pb_row column_structure=\u00bb1_2,1_2&#8243; _builder_version=\u00bb4.22.2&#8243; _module_preset=\u00bbdefault\u00bb global_colors_info=\u00bb{}\u00bb][et_pb_column type=\u00bb1_2&#8243; _builder_version=\u00bb4.22.2&#8243; _module_preset=\u00bbdefault\u00bb global_colors_info=\u00bb{}\u00bb][et_pb_image src=\u00bbhttps:\/\/escuelapresbiteriana.com\/wp-content\/uploads\/2026\/04\/ceal2025.jpg\u00bb title_text=\u00bbceal2025&#8243; align=\u00bbcenter\u00bb _builder_version=\u00bb4.22.2&#8243; _module_preset=\u00bbdefault\u00bb border_radii=\u00bbon|18px|18px|18px|18px\u00bb global_colors_info=\u00bb{}\u00bb][\/et_pb_image][et_pb_button button_url=\u00bbhttps:\/\/escuelapresbiteriana.com\/index.php\/actividades\/\u00bb button_text=\u00bbCEAL 2025&#8243; button_alignment=\u00bbcenter\u00bb _builder_version=\u00bb4.22.2&#8243; _module_preset=\u00bbdefault\u00bb custom_button=\u00bbon\u00bb button_text_color=\u00bb#333399&#8243; button_bg_color=\u00bb#ffde1a\u00bb button_border_width=\u00bb0px\u00bb button_border_radius=\u00bb8px\u00bb button_font=\u00bb|600||on|||||\u00bb box_shadow_style=\u00bbpreset3&#8243; global_colors_info=\u00bb{}\u00bb][\/et_pb_button][et_pb_text _builder_version=\u00bb4.22.2&#8243; _module_preset=\u00bbdefault\u00bb text_font=\u00bbCabin||||||||\u00bb text_text_color=\u00bb#333333&#8243; text_line_height=\u00bb1.8em\u00bb global_colors_info=\u00bb{}\u00bb]<\/p>\n<p style=\"text-align: center;\"><span>Grupo de estudiantes que gracias a su sobresaliente compromiso, responsabilidad, innovaci\u00f3n e ideas, fueron elegidos democr\u00e1ticamente en las \u00faltimas elecciones internas del establecimiento.<\/span><\/p>\n<p>[\/et_pb_text][\/et_pb_column][et_pb_column type=\u00bb1_2&#8243; _builder_version=\u00bb4.22.2&#8243; _module_preset=\u00bbdefault\u00bb global_colors_info=\u00bb{}\u00bb][et_pb_image src=\u00bbhttps:\/\/escuelapresbiteriana.com\/wp-content\/uploads\/2026\/04\/cgpa.png\u00bb title_text=\u00bbcgpa\u00bb align=\u00bbcenter\u00bb _builder_version=\u00bb4.22.2&#8243; _module_preset=\u00bbdefault\u00bb border_radii=\u00bbon|18px|18px|18px|18px\u00bb global_colors_info=\u00bb{}\u00bb][\/et_pb_image][et_pb_button button_url=\u00bbhttps:\/\/escuelapresbiteriana.com\/index.php\/actividades\/\u00bb button_text=\u00bbCgpa\u00bb button_alignment=\u00bbcenter\u00bb _builder_version=\u00bb4.22.2&#8243; _module_preset=\u00bbdefault\u00bb custom_button=\u00bbon\u00bb button_text_color=\u00bb#333399&#8243; button_bg_color=\u00bb#ffde1a\u00bb button_border_width=\u00bb0px\u00bb button_border_radius=\u00bb8px\u00bb button_font=\u00bb|600||on|||||\u00bb box_shadow_style=\u00bbpreset3&#8243; global_colors_info=\u00bb{}\u00bb][\/et_pb_button][et_pb_text _builder_version=\u00bb4.22.2&#8243; _module_preset=\u00bbdefault\u00bb text_font=\u00bbCabin||||||||\u00bb text_text_color=\u00bb#333333&#8243; text_line_height=\u00bb1.8em\u00bb global_colors_info=\u00bb{}\u00bb]<\/p>\n<p style=\"text-align: center;\">Su objetivo es potenciar una comunidad que los identifique y proyecte, generando espacios para la interacci\u00f3n, integraci\u00f3n y participaci\u00f3n de sus pares frente a los estamentos del establecimiento.\u00a0 Escuela presbiteriana en antofagasta valores, y buena ense\u00f1anza en escuela en antofagasta<br \/>buen colegio en antofagasta<\/p>\n<p>[\/et_pb_text][\/et_pb_column][\/et_pb_row][\/et_pb_section][et_pb_section fb_built=\u00bb1&#8243; _builder_version=\u00bb4.22.2&#8243; _module_preset=\u00bbdefault\u00bb background_image=\u00bbhttps:\/\/escuelapresbiteriana.com\/wp-content\/uploads\/2026\/04\/bg-prueba-2.jpg\u00bb global_colors_info=\u00bb{}\u00bb][et_pb_row column_structure=\u00bb1_2,1_2&#8243; _builder_version=\u00bb4.22.2&#8243; _module_preset=\u00bbdefault\u00bb background_color=\u00bb#e2e2f0&#8243; background_enable_image=\u00bboff\u00bb custom_margin=\u00bb34px||34px||true|false\u00bb custom_padding=\u00bb36px|20px|36px|20px|true|true\u00bb border_radii=\u00bbon|18px|18px|18px|18px\u00bb global_colors_info=\u00bb{}\u00bb][et_pb_column type=\u00bb1_2&#8243; _builder_version=\u00bb4.22.2&#8243; _module_preset=\u00bbdefault\u00bb global_colors_info=\u00bb{}\u00bb][et_pb_image src=\u00bbhttps:\/\/escuelapresbiteriana.com\/wp-content\/uploads\/2026\/04\/enfermeria.png\u00bb title_text=\u00bbenfermeria\u00bb align=\u00bbcenter\u00bb _builder_version=\u00bb4.22.2&#8243; _module_preset=\u00bbdefault\u00bb border_radii=\u00bbon|18px|18px|18px|18px\u00bb global_colors_info=\u00bb{}\u00bb][\/et_pb_image][et_pb_button button_url=\u00bbhttps:\/\/escuelapresbiteriana.com\/index.php\/actividades\/\u00bb button_text=\u00bbPrevenci\u00f3n enfermer\u00eda\u00bb button_alignment=\u00bbcenter\u00bb _builder_version=\u00bb4.22.2&#8243; _module_preset=\u00bbdefault\u00bb custom_button=\u00bbon\u00bb button_text_color=\u00bb#333399&#8243; button_bg_color=\u00bb#ffde1a\u00bb button_border_width=\u00bb0px\u00bb button_border_radius=\u00bb8px\u00bb button_font=\u00bb|600||on|||||\u00bb box_shadow_style=\u00bbpreset3&#8243; global_colors_info=\u00bb{}\u00bb][\/et_pb_button][et_pb_text _builder_version=\u00bb4.22.2&#8243; _module_preset=\u00bbdefault\u00bb text_font=\u00bbCabin||||||||\u00bb text_text_color=\u00bb#333333&#8243; text_line_height=\u00bb1.8em\u00bb global_colors_info=\u00bb{}\u00bb]<\/p>\n<p style=\"text-align: center;\"><span>La labor de nuestro equipo en conjunto se enfoca en brindar atenci\u00f3n m\u00e9dica oportuna, promover h\u00e1bitos saludables, identificar y minimizar riesgos, y preparar al colegio para enfrentar situaciones de emergencia. Con dedicaci\u00f3n, empat\u00eda y responsabilidad, crean un entorno seguro y acogedor, donde la salud y la protecci\u00f3n de todos son una prioridad.<\/span><\/p>\n<p>[\/et_pb_text][\/et_pb_column][et_pb_column type=\u00bb1_2&#8243; _builder_version=\u00bb4.22.2&#8243; _module_preset=\u00bbdefault\u00bb global_colors_info=\u00bb{}\u00bb][et_pb_image src=\u00bbhttps:\/\/escuelapresbiteriana.com\/wp-content\/uploads\/2026\/04\/aula.png\u00bb title_text=\u00bbaula\u00bb align=\u00bbcenter\u00bb _builder_version=\u00bb4.22.2&#8243; _module_preset=\u00bbdefault\u00bb border_radii=\u00bbon|18px|18px|18px|18px\u00bb global_colors_info=\u00bb{}\u00bb][\/et_pb_image][et_pb_button button_url=\u00bbhttps:\/\/escuelapresbiteriana.com\/index.php\/actividades\/\u00bb button_text=\u00bbAsistentes de Aula\u00bb button_alignment=\u00bbcenter\u00bb _builder_version=\u00bb4.22.2&#8243; _module_preset=\u00bbdefault\u00bb custom_button=\u00bbon\u00bb button_text_color=\u00bb#333399&#8243; button_bg_color=\u00bb#ffde1a\u00bb button_border_width=\u00bb0px\u00bb button_border_radius=\u00bb8px\u00bb button_font=\u00bb|600||on|||||\u00bb box_shadow_style=\u00bbpreset3&#8243; global_colors_info=\u00bb{}\u00bb][\/et_pb_button][et_pb_text _builder_version=\u00bb4.22.2&#8243; _module_preset=\u00bbdefault\u00bb text_font=\u00bbCabin||||||||\u00bb text_text_color=\u00bb#333333&#8243; text_line_height=\u00bb1.8em\u00bb global_colors_info=\u00bb{}\u00bb]<\/p>\n<div class=\"et_pb_module et_pb_text et_pb_text_16 et_pb_text_align_left et_pb_bg_layout_light et_had_animation\">\n<div class=\"et_pb_text_inner\">\n<p style=\"text-align: center;\"><span>Comprometidas con apoyar el proceso educativo y el desarrollo integral de los estudiantes, nuestras asistentes colaboran con los docentes, acompa\u00f1an a los estudiantes en sus actividades diarias, y brindar un ambiente de apoyo, cuidado y cercan\u00eda que favorezca el aprendizaje y la convivencia.\u00a0<\/span><\/p>\n<\/div>\n<\/div>\n<p>[\/et_pb_text][\/et_pb_column][\/et_pb_row][\/et_pb_section]<\/p>\n","protected":false},"excerpt":{"rendered":"<p>ComunidadCONOCE A NUESTRA COMUNIDADEquipo directivoContamos con un equipo directivo s\u00f3lido, comprometido y altamente capacitado, que ejerce un liderazgo organizacional basado en principios de colaboraci\u00f3n, visi\u00f3n estrat\u00e9gica y mejora continua. Nuestra labor se centra en fortalecer el rol institucional, consolidando una cultura educativa participativa, reflexiva e innovadora. A trav\u00e9s de una gesti\u00f3n pedag\u00f3gica y administrativa eficiente, [&hellip;]<\/p>\n","protected":false},"author":1,"featured_media":0,"parent":0,"menu_order":0,"comment_status":"closed","ping_status":"closed","template":"","meta":{"_et_pb_use_builder":"on","_et_pb_old_content":"<!-- wp:divi\/placeholder \/-->","_et_gb_content_width":"","footnotes":""},"class_list":["post-21","page","type-page","status-publish","hentry"],"yoast_head":"<!-- This site is optimized with the Yoast SEO plugin v27.5 - https:\/\/yoast.com\/product\/yoast-seo-wordpress\/ -->\n<title>Comunidad - escuelapresbiteriana.com<\/title>\n<meta name=\"robots\" content=\"index, follow, max-snippet:-1, max-image-preview:large, max-video-preview:-1\" \/>\n<link rel=\"canonical\" href=\"http:\/\/escuelapresbiteriana.com\/index.php\/comunidad\/\" \/>\n<meta property=\"og:locale\" content=\"es_ES\" \/>\n<meta property=\"og:type\" content=\"article\" \/>\n<meta property=\"og:title\" content=\"Comunidad - escuelapresbiteriana.com\" \/>\n<meta property=\"og:description\" content=\"ComunidadCONOCE A NUESTRA COMUNIDADEquipo directivoContamos con un equipo directivo s\u00f3lido, comprometido y altamente capacitado, que ejerce un liderazgo organizacional basado en principios de colaboraci\u00f3n, visi\u00f3n estrat\u00e9gica y mejora continua. Nuestra labor se centra en fortalecer el rol institucional, consolidando una cultura educativa participativa, reflexiva e innovadora. A trav\u00e9s de una gesti\u00f3n pedag\u00f3gica y administrativa eficiente, [&hellip;]\" \/>\n<meta property=\"og:url\" content=\"http:\/\/escuelapresbiteriana.com\/index.php\/comunidad\/\" \/>\n<meta property=\"og:site_name\" content=\"escuelapresbiteriana.com\" \/>\n<meta property=\"article:modified_time\" content=\"2026-04-27T19:04:13+00:00\" \/>\n<meta name=\"twitter:card\" content=\"summary_large_image\" \/>\n<meta name=\"twitter:label1\" content=\"Tiempo de lectura\" \/>\n\t<meta name=\"twitter:data1\" content=\"16 minutos\" \/>\n<script type=\"application\/ld+json\" class=\"yoast-schema-graph\">{\"@context\":\"https:\\\/\\\/schema.org\",\"@graph\":[{\"@type\":\"WebPage\",\"@id\":\"http:\\\/\\\/escuelapresbiteriana.com\\\/index.php\\\/comunidad\\\/\",\"url\":\"http:\\\/\\\/escuelapresbiteriana.com\\\/index.php\\\/comunidad\\\/\",\"name\":\"Comunidad - escuelapresbiteriana.com\",\"isPartOf\":{\"@id\":\"https:\\\/\\\/escuelapresbiteriana.com\\\/#website\"},\"datePublished\":\"2026-04-20T13:59:02+00:00\",\"dateModified\":\"2026-04-27T19:04:13+00:00\",\"breadcrumb\":{\"@id\":\"http:\\\/\\\/escuelapresbiteriana.com\\\/index.php\\\/comunidad\\\/#breadcrumb\"},\"inLanguage\":\"es\",\"potentialAction\":[{\"@type\":\"ReadAction\",\"target\":[\"http:\\\/\\\/escuelapresbiteriana.com\\\/index.php\\\/comunidad\\\/\"]}]},{\"@type\":\"BreadcrumbList\",\"@id\":\"http:\\\/\\\/escuelapresbiteriana.com\\\/index.php\\\/comunidad\\\/#breadcrumb\",\"itemListElement\":[{\"@type\":\"ListItem\",\"position\":1,\"name\":\"Portada\",\"item\":\"https:\\\/\\\/escuelapresbiteriana.com\\\/\"},{\"@type\":\"ListItem\",\"position\":2,\"name\":\"Comunidad\"}]},{\"@type\":\"WebSite\",\"@id\":\"https:\\\/\\\/escuelapresbiteriana.com\\\/#website\",\"url\":\"https:\\\/\\\/escuelapresbiteriana.com\\\/\",\"name\":\"escuelapresbiteriana.com\",\"description\":\"\",\"potentialAction\":[{\"@type\":\"SearchAction\",\"target\":{\"@type\":\"EntryPoint\",\"urlTemplate\":\"https:\\\/\\\/escuelapresbiteriana.com\\\/?s={search_term_string}\"},\"query-input\":{\"@type\":\"PropertyValueSpecification\",\"valueRequired\":true,\"valueName\":\"search_term_string\"}}],\"inLanguage\":\"es\"}]}<\/script>\n<!-- \/ Yoast SEO plugin. -->","yoast_head_json":{"title":"Comunidad - escuelapresbiteriana.com","robots":{"index":"index","follow":"follow","max-snippet":"max-snippet:-1","max-image-preview":"max-image-preview:large","max-video-preview":"max-video-preview:-1"},"canonical":"http:\/\/escuelapresbiteriana.com\/index.php\/comunidad\/","og_locale":"es_ES","og_type":"article","og_title":"Comunidad - escuelapresbiteriana.com","og_description":"ComunidadCONOCE A NUESTRA COMUNIDADEquipo directivoContamos con un equipo directivo s\u00f3lido, comprometido y altamente capacitado, que ejerce un liderazgo organizacional basado en principios de colaboraci\u00f3n, visi\u00f3n estrat\u00e9gica y mejora continua. Nuestra labor se centra en fortalecer el rol institucional, consolidando una cultura educativa participativa, reflexiva e innovadora. A trav\u00e9s de una gesti\u00f3n pedag\u00f3gica y administrativa eficiente, [&hellip;]","og_url":"http:\/\/escuelapresbiteriana.com\/index.php\/comunidad\/","og_site_name":"escuelapresbiteriana.com","article_modified_time":"2026-04-27T19:04:13+00:00","twitter_card":"summary_large_image","twitter_misc":{"Tiempo de lectura":"16 minutos"},"schema":{"@context":"https:\/\/schema.org","@graph":[{"@type":"WebPage","@id":"http:\/\/escuelapresbiteriana.com\/index.php\/comunidad\/","url":"http:\/\/escuelapresbiteriana.com\/index.php\/comunidad\/","name":"Comunidad - escuelapresbiteriana.com","isPartOf":{"@id":"https:\/\/escuelapresbiteriana.com\/#website"},"datePublished":"2026-04-20T13:59:02+00:00","dateModified":"2026-04-27T19:04:13+00:00","breadcrumb":{"@id":"http:\/\/escuelapresbiteriana.com\/index.php\/comunidad\/#breadcrumb"},"inLanguage":"es","potentialAction":[{"@type":"ReadAction","target":["http:\/\/escuelapresbiteriana.com\/index.php\/comunidad\/"]}]},{"@type":"BreadcrumbList","@id":"http:\/\/escuelapresbiteriana.com\/index.php\/comunidad\/#breadcrumb","itemListElement":[{"@type":"ListItem","position":1,"name":"Portada","item":"https:\/\/escuelapresbiteriana.com\/"},{"@type":"ListItem","position":2,"name":"Comunidad"}]},{"@type":"WebSite","@id":"https:\/\/escuelapresbiteriana.com\/#website","url":"https:\/\/escuelapresbiteriana.com\/","name":"escuelapresbiteriana.com","description":"","potentialAction":[{"@type":"SearchAction","target":{"@type":"EntryPoint","urlTemplate":"https:\/\/escuelapresbiteriana.com\/?s={search_term_string}"},"query-input":{"@type":"PropertyValueSpecification","valueRequired":true,"valueName":"search_term_string"}}],"inLanguage":"es"}]}},"_links":{"self":[{"href":"https:\/\/escuelapresbiteriana.com\/index.php\/wp-json\/wp\/v2\/pages\/21","targetHints":{"allow":["GET"]}}],"collection":[{"href":"https:\/\/escuelapresbiteriana.com\/index.php\/wp-json\/wp\/v2\/pages"}],"about":[{"href":"https:\/\/escuelapresbiteriana.com\/index.php\/wp-json\/wp\/v2\/types\/page"}],"author":[{"embeddable":true,"href":"https:\/\/escuelapresbiteriana.com\/index.php\/wp-json\/wp\/v2\/users\/1"}],"replies":[{"embeddable":true,"href":"https:\/\/escuelapresbiteriana.com\/index.php\/wp-json\/wp\/v2\/comments?post=21"}],"version-history":[{"count":9,"href":"https:\/\/escuelapresbiteriana.com\/index.php\/wp-json\/wp\/v2\/pages\/21\/revisions"}],"predecessor-version":[{"id":654,"href":"https:\/\/escuelapresbiteriana.com\/index.php\/wp-json\/wp\/v2\/pages\/21\/revisions\/654"}],"wp:attachment":[{"href":"https:\/\/escuelapresbiteriana.com\/index.php\/wp-json\/wp\/v2\/media?parent=21"}],"curies":[{"name":"wp","href":"https:\/\/api.w.org\/{rel}","templated":true}]}}